{"id":9850,"date":"2021-08-02T12:15:12","date_gmt":"2021-08-02T12:15:12","guid":{"rendered":"https:\/\/www.esam.it\/privacy\/"},"modified":"2023-07-11T09:17:33","modified_gmt":"2023-07-11T09:17:33","slug":"datenschutz-bestimmungen","status":"publish","type":"page","link":"https:\/\/www.esam.it\/de\/datenschutz-bestimmungen\/","title":{"rendered":"Datenschutz-Bestimmungen"},"content":{"rendered":"\t\t<div data-elementor-type=\"wp-page\" data-elementor-id=\"9850\" class=\"elementor elementor-9850 elementor-3696\" data-elementor-post-type=\"page\">\n\t\t\t\t\t\t<section class=\"elementor-section elementor-top-section elementor-element elementor-element-634cf3e elementor-section-height-min-height elementor-section-boxed elementor-section-height-default elementor-section-items-middle\" data-id=\"634cf3e\" data-element_type=\"section\" data-settings=\"{&quot;background_background&quot;:&quot;classic&quot;}\">\n\t\t\t\t\t\t<div class=\"elementor-container elementor-column-gap-no\">\n\t\t\t\t\t<div class=\"elementor-column elementor-col-100 elementor-top-column elementor-element elementor-element-c46714c\" data-id=\"c46714c\" data-element_type=\"column\" data-settings=\"{&quot;background_background&quot;:&quot;classic&quot;}\">\n\t\t\t<div class=\"elementor-widget-wrap elementor-element-populated\">\n\t\t\t\t\t\t<section class=\"elementor-section elementor-inner-section elementor-element elementor-element-51e377e elementor-section-boxed elementor-section-height-default elementor-section-height-default\" data-id=\"51e377e\" data-element_type=\"section\">\n\t\t\t\t\t\t<div class=\"elementor-container elementor-column-gap-default\">\n\t\t\t\t\t<div class=\"elementor-column elementor-col-100 elementor-inner-column elementor-element elementor-element-09fbbb3\" data-id=\"09fbbb3\" data-element_type=\"column\" data-settings=\"{&quot;background_background&quot;:&quot;classic&quot;}\">\n\t\t\t<div class=\"elementor-widget-wrap elementor-element-populated\">\n\t\t\t\t\t\t<div class=\"elementor-element elementor-element-3bb5f0c elementor-widget elementor-widget-spacer\" data-id=\"3bb5f0c\" data-element_type=\"widget\" data-widget_type=\"spacer.default\">\n\t\t\t\t<div class=\"elementor-widget-container\">\n\t\t\t\t\t\t\t<div class=\"elementor-spacer\">\n\t\t\t<div class=\"elementor-spacer-inner\"><\/div>\n\t\t<\/div>\n\t\t\t\t\t\t<\/div>\n\t\t\t\t<\/div>\n\t\t\t\t\t<\/div>\n\t\t<\/div>\n\t\t\t\t\t<\/div>\n\t\t<\/section>\n\t\t\t\t\t<\/div>\n\t\t<\/div>\n\t\t\t\t\t<\/div>\n\t\t<\/section>\n\t\t\t\t<section class=\"elementor-section elementor-top-section elementor-element elementor-element-2c68321 elementor-section-boxed elementor-section-height-default elementor-section-height-default\" data-id=\"2c68321\" data-element_type=\"section\">\n\t\t\t\t\t\t<div class=\"elementor-container elementor-column-gap-default\">\n\t\t\t\t\t<div class=\"elementor-column elementor-col-100 elementor-top-column elementor-element elementor-element-1b9cb668\" data-id=\"1b9cb668\" data-element_type=\"column\">\n\t\t\t<div class=\"elementor-widget-wrap elementor-element-populated\">\n\t\t\t\t\t\t<div class=\"elementor-element elementor-element-2bb75a71 elementor-widget elementor-widget-text-editor\" data-id=\"2bb75a71\" data-element_type=\"widget\" data-widget_type=\"text-editor.default\">\n\t\t\t\t<div class=\"elementor-widget-container\">\n\t\t\t\t\t\t\t\t\t<h2 style=\"text-align: left;\">Datenschutzerkl\u00e4rung f\u00fcr die Website<\/h2><p>Auf dieser Seite werden die Verwaltungsverfahren der Website im Hinblick auf die Verarbeitung personenbezogener Daten der Benutzer beschrieben, die sie besuchen.<\/p><p>Dies ist eine Datenschutzerkl\u00e4rung gem\u00e4\u00df Artikel f\u00fcr diejenigen, die mit den Webdiensten des Unternehmens interagieren.<\/p><p>Der Hinweis gilt nur f\u00fcr diese Website und nicht f\u00fcr andere Websites, die der Nutzer ggf. \u00fcber einen Link besucht.<\/p><p>In der Mitteilung werden bestimmte Mindestanforderungen f\u00fcr die Online-Erhebung personenbezogener Daten festgelegt, insbesondere die Verfahren, die Zeitrahmen und die Art der Informationen, die die f\u00fcr die Datenverarbeitung Verantwortlichen den Benutzern bereitstellen m\u00fcssen, wenn diese unabh\u00e4ngig von der Website eine Verbindung herstellen die Zwecke der Verbindung.<\/p><p><strong><br \/>DER \u201eDATENVERANTWORTLICHE\u201c<\/strong><\/p><p>Nach dem Besuch dieser Website k\u00f6nnen Daten \u00fcber identifizierte oder identifizierbare Personen verarbeitet werden.<\/p><p>Der \u201eDatenverantwortliche\u201c f\u00fcr diese Verarbeitung ist Cattani S.p.A., in Person seines pro tempore gesetzlichen Vertreters.<\/p><p><strong><br \/>ORT DER DATENVERARBEITUNG<\/strong><\/p><p>Die mit den Webdiensten dieser Website verbundene Datenverarbeitung erfolgt in der Unternehmenszentrale und wird ausschlie\u00dflich von technischem Personal durchgef\u00fchrt, das als Verantwortliche f\u00fcr die Datenverarbeitung eingestuft ist, oder von Personen, die f\u00fcr gelegentliche Wartungsarbeiten verantwortlich sind.<\/p><p>Es d\u00fcrfen keine aus dem Webservice gewonnenen Daten \u00fcbermittelt oder verbreitet werden.<\/p><p>Die personenbezogenen Daten der Nutzer, die Informationsmaterial (Newsletter, CD-ROMs, Kataloge, Preislisten, Antworten auf Fragen, Dokumente usw.) anfordern, werden ausschlie\u00dflich zum Zweck der Erbringung der Dienstleistung oder der gew\u00fcnschten Handlung verwendet.<\/p><p><strong><br \/>ARTEN DER VERARBEITETEN DATEN<br \/><\/strong><br \/><em>Browsing-Daten<br \/><\/em><br \/>Die Informationssysteme und Softwareverfahren, die an der Funktionsweise dieser Website beteiligt sind, erfassen im Rahmen ihres normalen Betriebs einige personenbezogene Daten, deren \u00dcbermittlung bei der Verwendung von Internet-Kommunikationsprotokollen implizit ist.<\/p><p>Diese Informationen werden nicht erhoben, um sie identifizierten betroffenen Personen zuzuordnen, k\u00f6nnen aber aufgrund ihrer Beschaffenheit durch die Verarbeitung und Integration mit Daten Dritter eine Identifizierung der Nutzer erm\u00f6glichen.<\/p><p>Zu dieser Kategorie geh\u00f6ren die IP-Adressen oder Dom\u00e4nennamen der Computer, die von den Benutzern f\u00fcr die Verbindung mit der Website verwendet werden, Adressen im URI-Format (Uniform Resource Identifier) \u200b\u200bder angeforderten Ressourcen, der Zeitpunkt der Anfrage und die zum Absenden der Anfrage verwendete Methode an den Server, die Gr\u00f6\u00dfe der als Antwort erhaltenen Datei, den numerischen Code, der den Status der vom Server gegebenen Antwort angibt (erledigt, Fehler usw.) und andere Parameter, die das Betriebssystem und die Computerumgebung des Benutzers betreffen.<\/p><p>Diese Daten werden ausschlie\u00dflich zu dem Zweck verwendet, anonyme statistische Informationen \u00fcber die Nutzung der Website zu erhalten und deren ordnungsgem\u00e4\u00dfen Betrieb zu \u00fcberpr\u00fcfen. Sie werden unmittelbar nach der Verarbeitung gel\u00f6scht. Diese Daten k\u00f6nnen im Falle hypothetischer Computerkriminalit\u00e4t zum Nachteil der Website zur Verantwortlichkeitsfeststellung genutzt werden. Unbeschadet dieser M\u00f6glichkeit werden Daten \u00fcber Webkontakte nach derzeitigem Stand nicht l\u00e4nger als sieben Tage gespeichert.<\/p><p><em>Vom Benutzer freiwillig bereitgestellte Daten<\/em><\/p><p>Der optionale, ausdr\u00fcckliche und freiwillige Versand elektronischer Post an die auf dieser Website angegebenen Adressen f\u00fchrt zur Erhebung der Absenderadresse, die f\u00fcr die Beantwortung von Anfragen erforderlich ist, sowie ggf. weiterer in der Nachricht enthaltener personenbezogener Daten.<\/p><p>Spezifische zusammenfassende Informationen f\u00fcr betroffene Personen werden nach und nach gemeldet oder auf Anfrage auf Webseiten angezeigt, die bestimmten Diensten gewidmet sind.<\/p><p><em><strong>VERWENDUNG VON COOKIES<\/strong><\/em><\/p><p>Bez\u00fcglich der Verwendung von Cookies verweisen wir auf die spezielle \u201eerweiterte Datenschutzerkl\u00e4rung\u201c, die auf dieser Website ver\u00f6ffentlicht und gem\u00e4\u00df der Verordnung des italienischen Datenschutzbeauftragten vom 8. Mai 2014 erstellt wurde und die dieses Dokument erg\u00e4nzt und erg\u00e4nzt.<\/p><p><strong>Freiwilliger Charakter der Datenbereitstellung<\/strong><\/p><p>Abgesehen von den Browserdaten steht es dem Nutzer frei, seine personenbezogenen Daten anzugeben oder nicht.<br \/>Die Verweigerung der Bereitstellung personenbezogener Daten f\u00fchrt jedoch dazu, dass der Benutzer nicht die von ihm angeforderten Informationen erhalten kann.<\/p><p><strong>DATENVERARBEITUNGSVERFAHREN<br \/><\/strong><br \/>Personenbezogene Daten werden mit computergest\u00fctzten Mitteln so lange verarbeitet, wie es zur Erreichung der Zwecke, f\u00fcr die sie erhoben wurden, unbedingt erforderlich ist.<br \/>Es werden besondere Sicherheitsma\u00dfnahmen beachtet, um Datenverlust, rechtswidrige oder fehlerhafte Nutzung und unbefugten Zugriff zu verhindern.<\/p><p><strong>\u00dcbermittlung von Daten an Drittl\u00e4nder<br \/><\/strong><br \/>Jede \u00dcbermittlung personenbezogener Daten an ein Drittland au\u00dferhalb der Europ\u00e4ischen Union oder an eine internationale Organisation erfolgt auf Grundlage eines Angemessenheitsbeschlusses der Kommission oder im Falle von \u00dcbermittlungen gem\u00e4\u00df Artikel 46, 47 oder 49 Absatz 2 , der EU-Verordnung, auf der Grundlage angemessener und geeigneter Garantien.<\/p><p><strong><br \/>RECHTE DER BETROFFENEN PERSON<br \/><\/strong><br \/>Die Personen, denen die pPersonenbezogene Daten beziehen sich jederzeit auf das Recht auf Zugang und Berichtigung der Daten, L\u00f6schung, Einschr\u00e4nkung der Verarbeitung, Widerspruch gegen die Verarbeitung und Daten\u00fcbertragbarkeit; Sie haben au\u00dferdem das Recht, eine Beschwerde bei der Aufsichtsbeh\u00f6rde einzureichen.<\/p><p>Anfragen sollten an den Datenverantwortlichen oder den Datenschutzbeauftragten, Herrn Juri Torreggiani, gerichtet werden, dessen B\u00fcro sich in Reggio Emilia, Via Piccard Nr. 1, befindet. 16\/G, Tel. 0522\/30.11.69, Fax 0522\/38.79.96.<\/p><p>Dieses Dokument stellt die \u201eDatenschutzerkl\u00e4rung\u201c dieser Website dar, die aktualisiert werden kann.<\/p><p>Datenschutzerkl\u00e4rung f\u00fcr Kunden und Lieferanten von Cattani S.p.A. gem\u00e4\u00df Artikel 13 der EU-Verordnung 2016\/679<\/p><p>Diese Datenschutzerkl\u00e4rung wurde gem\u00e4\u00df Artikel 13 der EU-Verordnung 2016\/679 (im Folgenden auch einfach \u201eEU-Verordnung\u201c genannt) erstellt und herausgegeben, mit der wesentliche regulatorische \u00c4nderungen eingef\u00fchrt wurden.<br \/>Diese Datenschutzerkl\u00e4rung aktualisiert und ersetzt daher alle fr\u00fcheren Versionen.<br \/>In Anbetracht des oben Gesagten sollte darauf hingewiesen werden, dass:<br \/>1) Im Rahmen der Aufnahme der Gesch\u00e4ftsbeziehungen und im Rahmen deren Durchf\u00fchrung erhebt und verarbeitet unser Unternehmen Ihre personenbezogenen Daten;<br \/>2) Der Klarheit halber werden wir die folgenden Definitionen in der oben genannten EU-Verordnung pr\u00e4zisieren:<br \/><strong>Personenbezogene Daten:<\/strong>\u00a0alle Informationen, die sich auf eine identifizierte oder identifizierbare nat\u00fcrliche Person (\u201ebetroffene Person\u201c) beziehen; Eine identifizierbare nat\u00fcrliche Person ist eine nat\u00fcrliche Person, die direkt oder indirekt, insbesondere mittels Zuordnung zu einer Kennung wie einem Namen, zu einer Kennnummer, zu Standortdaten, zu einer Online-Kennung oder zu einem oder mehreren spezifischen Merkmalen der physischen, physiologischen, genetische, psychische, wirtschaftliche, kulturelle oder soziale Identit\u00e4t dieser nat\u00fcrlichen Person;<br \/><strong>Verarbeitung:<\/strong>\u00a0jeder mit oder ohne Hilfe automatisierter Verfahren ausgef\u00fchrte Vorgang oder jede Vorgangsreihe im Zusammenhang mit personenbezogenen Daten oder S\u00e4tzen personenbezogener Daten wie das Erheben, das Erfassen, die Organisation, die Strukturierung, die Speicherung, die Anpassung oder Ver\u00e4nderung , Abfrage, Abfrage, Nutzung, Offenlegung durch \u00dcbermittlung, Verbreitung oder sonstige Bereitstellung, Zuordnung oder Verkn\u00fcpfung, Einschr\u00e4nkung, L\u00f6schung oder Vernichtung.<br \/>Gem\u00e4\u00df Artikel 13 der EU-Verordnung 2016\/679 gilt daher:<\/p><div><strong>Wir informieren Sie<\/strong><\/div><p>dass die Erhebung und Verarbeitung Ihrer personenbezogenen Daten durch unser Unternehmen wie folgt erfolgt:<\/p><p>a)\u00a0 \u00a0 \u00a0<strong>Zwecke:<\/strong>\u00a0die Daten werden zur ordnungsgem\u00e4\u00dfen Erf\u00fcllung buchhalterischer, steuerlicher, kaufm\u00e4nnischer und technischer Anforderungen sowie f\u00fcr alle Unternehmensaktivit\u00e4ten im Allgemeinen im Zusammenhang mit den bestehenden Beziehungen verarbeitet;<br \/>b)\u00a0 \u00a0\u00a0<strong>Werbezwecke:<\/strong>\u00a0Die Daten k\u00f6nnen, vorbehaltlich Ihrer ausdr\u00fccklichen und ausdr\u00fccklichen Einwilligung, auch f\u00fcr den Versand von Werbematerial\/Mitteilungen per Post, E-Mail, Telefon, Fax, SMS oder auf \u00e4hnliche Weise verwendet werden; Sie haben nach Ihrer ausdr\u00fccklichen Einwilligung jederzeit das Recht, der Verarbeitung Ihrer Daten zu diesen Zwecken unentgeltlich zu widersprechen;<br \/>c)\u00a0 \u00a0\u00a0<strong>Verfahren:<\/strong>\u00a0Die Daten werden sowohl mit Papier als auch mit elektronischen\/computergest\u00fctzten\/automatisierten Werkzeugen\/Mitteln unter vollst\u00e4ndiger Einhaltung der geltenden Gesetzgebung, im Einklang mit den Grunds\u00e4tzen der Rechtm\u00e4\u00dfigkeit und Integrit\u00e4t verarbeitet eine M\u00f6glichkeit, Ihre Privatsph\u00e4re zu sch\u00fctzen;<br \/>d)\u00a0\u00a0\u00a0<strong>optionale Bereitstellung von Daten:<\/strong>\u00a0die Bereitstellung von Daten ist optional und nicht verpflichtend;<br \/>e)\u00a0 \u00a0\u00a0<strong>Folgen der Verweigerung:<\/strong>\u00a0Die Verweigerung der Bereitstellung Ihrer Daten oder ein vollst\u00e4ndiger Widerspruch gegen die Verarbeitung Ihrer Daten kann dazu f\u00fchren, dass keine gesch\u00e4ftliche oder sonstige Beziehung mit unserem Unternehmen aufgebaut werden kann; Die Verweigerung der Nutzung Ihrer Daten f\u00fcr den Versand von Werbematerial\/Mitteilungen hat jedoch keine Auswirkungen auf die gegenw\u00e4rtige oder zuk\u00fcnftige Beziehung zwischen uns;<br \/>f)\u00a0 \u00a0 \u00a0<strong>Personen oder Kategorien von Personen (Empf\u00e4nger), denen die Daten mitgeteilt oder verbreitet werden d\u00fcrfen:<\/strong>\u00a0Die Daten d\u00fcrfen nur zur Erf\u00fcllung gesetzlicher oder vertraglicher Pflichten an Dritte weitergegeben werden. Die Daten werden unter keinen Umst\u00e4nden weitergegeben;<br \/>g)\u00a0\u00a0\u00a0<strong>Zur Verarbeitung der Daten berechtigte Personen:<\/strong>\u00a0Die Daten werden ausschlie\u00dflich von Mitarbeitern des Unternehmens in den Verwaltungs- und kaufm\u00e4nnischen Abteilungen verarbeitet, die hierf\u00fcr ausdr\u00fccklich autorisiert sind;<br \/>h)\u00a0 \u00a0\u00a0<strong>Automatisierte Entscheidungsprozesse (z. B. Profiling):<\/strong>\u00a0F\u00fcr die Verarbeitung Ihrer Daten werden keine automatisierten Entscheidungsprozesse eingesetzt;<br \/>i)\u00a0 \u00a0 \u00a0<strong>Rechte der betroffenen Person:<\/strong>\u00a0Sie haben alle in der EU-Verordnung verankerten Rechte, wie z. B. das Recht auf Zugang und Berichtigung der Daten, L\u00f6schung, Einschr\u00e4nkung der Verarbeitung, Widerspruch gegen die Verarbeitung und Daten Portabilit\u00e4t. Sie haben au\u00dferdem das Recht, eine Beschwerde bei der Aufsichtsbeh\u00f6rde einzureichen;<br \/>j)\u00a0 \u00a0 \u00a0<strong>Daten\u00fcbermittlung an Drittl\u00e4nder:<\/strong>\u00a0jede \u00dcbermittlung personenbezogener Daten an ein Drittland au\u00dferhalb der Europ\u00e4ischen Union oder an eine internationale Organisation erfolgt pl<\/p>\t\t\t\t\t\t\t\t<\/div>\n\t\t\t\t<\/div>\n\t\t\t\t<div class=\"elementor-element elementor-element-7043359 elementor-icon-list--layout-traditional elementor-list-item-link-full_width elementor-widget elementor-widget-icon-list\" data-id=\"7043359\" data-element_type=\"widget\" data-widget_type=\"icon-list.default\">\n\t\t\t\t<div class=\"elementor-widget-container\">\n\t\t\t\t\t\t\t<ul class=\"elementor-icon-list-items\">\n\t\t\t\t\t\t\t<li class=\"elementor-icon-list-item\">\n\t\t\t\t\t\t\t\t\t\t\t<span class=\"elementor-icon-list-icon\">\n\t\t\t\t\t\t\t<i aria-hidden=\"true\" class=\"fas fa-cloud-download-alt\"><\/i>\t\t\t\t\t\t<\/span>\n\t\t\t\t\t\t\t\t\t\t<span class=\"elementor-icon-list-text\">Dateianh\u00e4nge<\/span>\n\t\t\t\t\t\t\t\t\t<\/li>\n\t\t\t\t\t\t<\/ul>\n\t\t\t\t\t\t<\/div>\n\t\t\t\t<\/div>\n\t\t\t\t<div class=\"elementor-element elementor-element-dd2de23 elementor-widget elementor-widget-image\" data-id=\"dd2de23\" data-element_type=\"widget\" data-widget_type=\"image.default\">\n\t\t\t\t<div class=\"elementor-widget-container\">\n\t\t\t\t\t\t\t\t\t\t\t\t<figure class=\"wp-caption\">\n\t\t\t\t\t\t\t\t\t\t\t<a href=\"https:\/\/www.esam.it\/wp-content\/uploads\/2023\/01\/h6skqa.pdf\" target=\"_blank\">\n\t\t\t\t\t\t\t<img decoding=\"async\" width=\"80\" height=\"80\" src=\"https:\/\/www.esam.it\/wp-content\/uploads\/2023\/01\/pdf.png\" class=\"attachment-large size-large wp-image-11300\" alt=\"\" \/>\t\t\t\t\t\t\t\t<\/a>\n\t\t\t\t\t\t\t\t\t\t\t<figcaption class=\"widget-image-caption wp-caption-text\">Datenschutzerkl\u00e4rung f\u00fcr Kunden und Lieferanten von Cattani S.p.A.<\/figcaption>\n\t\t\t\t\t\t\t\t\t\t<\/figure>\n\t\t\t\t\t\t\t\t\t<\/div>\n\t\t\t\t<\/div>\n\t\t\t\t\t<\/div>\n\t\t<\/div>\n\t\t\t\t\t<\/div>\n\t\t<\/section>\n\t\t\t\t<\/div>\n\t\t","protected":false},"excerpt":{"rendered":"<p>Datenschutzerkl\u00e4rung f\u00fcr die Website Auf dieser Seite werden die Verwaltungsverfahren der Website im Hinblick auf die Verarbeitung personenbezogener Daten der Benutzer beschrieben, die sie besuchen. Dies ist eine Datenschutzerkl\u00e4rung gem\u00e4\u00df Artikel f\u00fcr diejenigen, die mit den Webdiensten des Unternehmens interagieren. Der Hinweis gilt nur f\u00fcr diese Website und nicht f\u00fcr andere Websites, die der Nutzer&hellip;<\/p>\n","protected":false},"author":4,"featured_media":0,"parent":0,"menu_order":0,"comment_status":"closed","ping_status":"closed","template":"","meta":{"_acf_changed":false,"inline_featured_image":false,"footnotes":""},"class_list":["post-9850","page","type-page","status-publish","hentry"],"acf":[],"yoast_head":"<!-- This site is optimized with the Yoast SEO plugin v28.4 - https:\/\/yoast.com\/product\/yoast-seo-wordpress\/ -->\n<title>Datenschutz-Bestimmungen - ESAM SpA<\/title>\n<meta name=\"robots\" content=\"index, follow, max-snippet:-1, max-image-preview:large, max-video-preview:-1\" \/>\n<link rel=\"canonical\" href=\"https:\/\/www.esam.it\/de\/datenschutz-bestimmungen\/\" \/>\n<meta property=\"og:locale\" content=\"de_DE\" \/>\n<meta property=\"og:type\" content=\"article\" \/>\n<meta property=\"og:title\" content=\"Datenschutz-Bestimmungen - ESAM SpA\" \/>\n<meta property=\"og:description\" content=\"Datenschutzerkl\u00e4rung f\u00fcr die Website Auf dieser Seite werden die Verwaltungsverfahren der Website im Hinblick auf die Verarbeitung personenbezogener Daten der Benutzer beschrieben, die sie besuchen. Dies ist eine Datenschutzerkl\u00e4rung gem\u00e4\u00df Artikel f\u00fcr diejenigen, die mit den Webdiensten des Unternehmens interagieren. Der Hinweis gilt nur f\u00fcr diese Website und nicht f\u00fcr andere Websites, die der Nutzer&hellip;\" \/>\n<meta property=\"og:url\" content=\"https:\/\/www.esam.it\/de\/datenschutz-bestimmungen\/\" \/>\n<meta property=\"og:site_name\" content=\"ESAM SpA\" \/>\n<meta property=\"article:modified_time\" content=\"2023-07-11T09:17:33+00:00\" \/>\n<meta property=\"og:image\" content=\"https:\/\/www.esam.it\/wp-content\/uploads\/2023\/01\/pdf.png\" \/>\n<meta name=\"twitter:card\" content=\"summary_large_image\" \/>\n<meta name=\"twitter:label1\" content=\"Gesch\u00e4tzte Lesezeit\" \/>\n\t<meta name=\"twitter:data1\" content=\"8\u00a0Minuten\" \/>\n<script type=\"application\/ld+json\" class=\"yoast-schema-graph\">{\"@context\":\"https:\\\/\\\/schema.org\",\"@graph\":[{\"@type\":\"WebPage\",\"@id\":\"https:\\\/\\\/www.esam.it\\\/de\\\/datenschutz-bestimmungen\\\/\",\"url\":\"https:\\\/\\\/www.esam.it\\\/de\\\/datenschutz-bestimmungen\\\/\",\"name\":\"Datenschutz-Bestimmungen - ESAM SpA\",\"isPartOf\":{\"@id\":\"https:\\\/\\\/www.esam.it\\\/de\\\/#website\"},\"primaryImageOfPage\":{\"@id\":\"https:\\\/\\\/www.esam.it\\\/de\\\/datenschutz-bestimmungen\\\/#primaryimage\"},\"image\":{\"@id\":\"https:\\\/\\\/www.esam.it\\\/de\\\/datenschutz-bestimmungen\\\/#primaryimage\"},\"thumbnailUrl\":\"https:\\\/\\\/www.esam.it\\\/wp-content\\\/uploads\\\/2023\\\/01\\\/pdf.png\",\"datePublished\":\"2021-08-02T12:15:12+00:00\",\"dateModified\":\"2023-07-11T09:17:33+00:00\",\"breadcrumb\":{\"@id\":\"https:\\\/\\\/www.esam.it\\\/de\\\/datenschutz-bestimmungen\\\/#breadcrumb\"},\"inLanguage\":\"de\",\"potentialAction\":[{\"@type\":\"ReadAction\",\"target\":[\"https:\\\/\\\/www.esam.it\\\/de\\\/datenschutz-bestimmungen\\\/\"]}]},{\"@type\":\"ImageObject\",\"inLanguage\":\"de\",\"@id\":\"https:\\\/\\\/www.esam.it\\\/de\\\/datenschutz-bestimmungen\\\/#primaryimage\",\"url\":\"https:\\\/\\\/www.esam.it\\\/wp-content\\\/uploads\\\/2023\\\/01\\\/pdf.png\",\"contentUrl\":\"https:\\\/\\\/www.esam.it\\\/wp-content\\\/uploads\\\/2023\\\/01\\\/pdf.png\"},{\"@type\":\"BreadcrumbList\",\"@id\":\"https:\\\/\\\/www.esam.it\\\/de\\\/datenschutz-bestimmungen\\\/#breadcrumb\",\"itemListElement\":[{\"@type\":\"ListItem\",\"position\":1,\"name\":\"Home\",\"item\":\"https:\\\/\\\/www.esam.it\\\/de\\\/\"},{\"@type\":\"ListItem\",\"position\":2,\"name\":\"Datenschutz-Bestimmungen\"}]},{\"@type\":\"WebSite\",\"@id\":\"https:\\\/\\\/www.esam.it\\\/de\\\/#website\",\"url\":\"https:\\\/\\\/www.esam.it\\\/de\\\/\",\"name\":\"ESAM SpA\",\"description\":\"Soffianti monostadio e bistadio a Parma\",\"publisher\":{\"@id\":\"https:\\\/\\\/www.esam.it\\\/de\\\/#organization\"},\"potentialAction\":[{\"@type\":\"SearchAction\",\"target\":{\"@type\":\"EntryPoint\",\"urlTemplate\":\"https:\\\/\\\/www.esam.it\\\/de\\\/?s={search_term_string}\"},\"query-input\":{\"@type\":\"PropertyValueSpecification\",\"valueRequired\":true,\"valueName\":\"search_term_string\"}}],\"inLanguage\":\"de\"},{\"@type\":\"Organization\",\"@id\":\"https:\\\/\\\/www.esam.it\\\/de\\\/#organization\",\"name\":\"ESAM SpA\",\"url\":\"https:\\\/\\\/www.esam.it\\\/de\\\/\",\"logo\":{\"@type\":\"ImageObject\",\"inLanguage\":\"de\",\"@id\":\"https:\\\/\\\/www.esam.it\\\/de\\\/#\\\/schema\\\/logo\\\/image\\\/\",\"url\":\"https:\\\/\\\/www.esam.it\\\/wp-content\\\/uploads\\\/2021\\\/03\\\/logo-esam.svg\",\"contentUrl\":\"https:\\\/\\\/www.esam.it\\\/wp-content\\\/uploads\\\/2021\\\/03\\\/logo-esam.svg\",\"caption\":\"ESAM SpA\"},\"image\":{\"@id\":\"https:\\\/\\\/www.esam.it\\\/de\\\/#\\\/schema\\\/logo\\\/image\\\/\"}}]}<\/script>\n<!-- \/ Yoast SEO plugin. -->","yoast_head_json":{"title":"Datenschutz-Bestimmungen - ESAM SpA","robots":{"index":"index","follow":"follow","max-snippet":"max-snippet:-1","max-image-preview":"max-image-preview:large","max-video-preview":"max-video-preview:-1"},"canonical":"https:\/\/www.esam.it\/de\/datenschutz-bestimmungen\/","og_locale":"de_DE","og_type":"article","og_title":"Datenschutz-Bestimmungen - ESAM SpA","og_description":"Datenschutzerkl\u00e4rung f\u00fcr die Website Auf dieser Seite werden die Verwaltungsverfahren der Website im Hinblick auf die Verarbeitung personenbezogener Daten der Benutzer beschrieben, die sie besuchen. Dies ist eine Datenschutzerkl\u00e4rung gem\u00e4\u00df Artikel f\u00fcr diejenigen, die mit den Webdiensten des Unternehmens interagieren. Der Hinweis gilt nur f\u00fcr diese Website und nicht f\u00fcr andere Websites, die der Nutzer&hellip;","og_url":"https:\/\/www.esam.it\/de\/datenschutz-bestimmungen\/","og_site_name":"ESAM SpA","article_modified_time":"2023-07-11T09:17:33+00:00","og_image":[{"url":"https:\/\/www.esam.it\/wp-content\/uploads\/2023\/01\/pdf.png","type":"","width":"","height":""}],"twitter_card":"summary_large_image","twitter_misc":{"Gesch\u00e4tzte Lesezeit":"8\u00a0Minuten"},"schema":{"@context":"https:\/\/schema.org","@graph":[{"@type":"WebPage","@id":"https:\/\/www.esam.it\/de\/datenschutz-bestimmungen\/","url":"https:\/\/www.esam.it\/de\/datenschutz-bestimmungen\/","name":"Datenschutz-Bestimmungen - ESAM SpA","isPartOf":{"@id":"https:\/\/www.esam.it\/de\/#website"},"primaryImageOfPage":{"@id":"https:\/\/www.esam.it\/de\/datenschutz-bestimmungen\/#primaryimage"},"image":{"@id":"https:\/\/www.esam.it\/de\/datenschutz-bestimmungen\/#primaryimage"},"thumbnailUrl":"https:\/\/www.esam.it\/wp-content\/uploads\/2023\/01\/pdf.png","datePublished":"2021-08-02T12:15:12+00:00","dateModified":"2023-07-11T09:17:33+00:00","breadcrumb":{"@id":"https:\/\/www.esam.it\/de\/datenschutz-bestimmungen\/#breadcrumb"},"inLanguage":"de","potentialAction":[{"@type":"ReadAction","target":["https:\/\/www.esam.it\/de\/datenschutz-bestimmungen\/"]}]},{"@type":"ImageObject","inLanguage":"de","@id":"https:\/\/www.esam.it\/de\/datenschutz-bestimmungen\/#primaryimage","url":"https:\/\/www.esam.it\/wp-content\/uploads\/2023\/01\/pdf.png","contentUrl":"https:\/\/www.esam.it\/wp-content\/uploads\/2023\/01\/pdf.png"},{"@type":"BreadcrumbList","@id":"https:\/\/www.esam.it\/de\/datenschutz-bestimmungen\/#breadcrumb","itemListElement":[{"@type":"ListItem","position":1,"name":"Home","item":"https:\/\/www.esam.it\/de\/"},{"@type":"ListItem","position":2,"name":"Datenschutz-Bestimmungen"}]},{"@type":"WebSite","@id":"https:\/\/www.esam.it\/de\/#website","url":"https:\/\/www.esam.it\/de\/","name":"ESAM SpA","description":"Soffianti monostadio e bistadio a Parma","publisher":{"@id":"https:\/\/www.esam.it\/de\/#organization"},"potentialAction":[{"@type":"SearchAction","target":{"@type":"EntryPoint","urlTemplate":"https:\/\/www.esam.it\/de\/?s={search_term_string}"},"query-input":{"@type":"PropertyValueSpecification","valueRequired":true,"valueName":"search_term_string"}}],"inLanguage":"de"},{"@type":"Organization","@id":"https:\/\/www.esam.it\/de\/#organization","name":"ESAM SpA","url":"https:\/\/www.esam.it\/de\/","logo":{"@type":"ImageObject","inLanguage":"de","@id":"https:\/\/www.esam.it\/de\/#\/schema\/logo\/image\/","url":"https:\/\/www.esam.it\/wp-content\/uploads\/2021\/03\/logo-esam.svg","contentUrl":"https:\/\/www.esam.it\/wp-content\/uploads\/2021\/03\/logo-esam.svg","caption":"ESAM SpA"},"image":{"@id":"https:\/\/www.esam.it\/de\/#\/schema\/logo\/image\/"}}]}},"_links":{"self":[{"href":"https:\/\/www.esam.it\/de\/wp-json\/wp\/v2\/pages\/9850","targetHints":{"allow":["GET"]}}],"collection":[{"href":"https:\/\/www.esam.it\/de\/wp-json\/wp\/v2\/pages"}],"about":[{"href":"https:\/\/www.esam.it\/de\/wp-json\/wp\/v2\/types\/page"}],"author":[{"embeddable":true,"href":"https:\/\/www.esam.it\/de\/wp-json\/wp\/v2\/users\/4"}],"replies":[{"embeddable":true,"href":"https:\/\/www.esam.it\/de\/wp-json\/wp\/v2\/comments?post=9850"}],"version-history":[{"count":33,"href":"https:\/\/www.esam.it\/de\/wp-json\/wp\/v2\/pages\/9850\/revisions"}],"predecessor-version":[{"id":11751,"href":"https:\/\/www.esam.it\/de\/wp-json\/wp\/v2\/pages\/9850\/revisions\/11751"}],"wp:attachment":[{"href":"https:\/\/www.esam.it\/de\/wp-json\/wp\/v2\/media?parent=9850"}],"curies":[{"name":"wp","href":"https:\/\/api.w.org\/{rel}","templated":true}]}}